{"id":176,"date":"2018-08-17T19:56:20","date_gmt":"2018-08-17T19:56:20","guid":{"rendered":"https:\/\/clri-ltc.ca\/fr\/page-daccueil\/"},"modified":"2026-03-20T15:16:57","modified_gmt":"2026-03-20T15:16:57","slug":"page-daccueil","status":"publish","type":"page","link":"https:\/\/clri-ltc.ca\/fr\/","title":{"rendered":"Page d\u2019accueil"},"content":{"rendered":"\n<div class=\"wp-block-cover alignfull\" style=\"margin-top:0;margin-bottom:var(--wp--preset--spacing--9);padding-top:var(--wp--preset--spacing--9);padding-right:var(--wp--preset--spacing--6);padding-bottom:var(--wp--preset--spacing--9);padding-left:var(--wp--preset--spacing--6)\"><img decoding=\"async\" class=\"wp-block-cover__image-background wp-image-120096 size-large\" alt=\"\" src=\"https:\/\/clri-ltc.ca\/wp-content\/uploads\/2019\/04\/recreation-professional-1024x683.jpg\" data-object-fit=\"cover\" \/><span aria-hidden=\"true\" class=\"wp-block-cover__background has-dark-background-color has-background-dim-60 has-background-dim\"><\/span><div class=\"wp-block-cover__inner-container has-global-padding is-layout-constrained wp-container-core-cover-is-layout-97e49f78 wp-block-cover-is-layout-constrained\">\n<div class=\"wp-block-group alignwide is-vertical is-layout-flex wp-container-core-group-is-layout-6f4c5dd5 wp-block-group-is-layout-flex\">\n<p class=\"has-text-align-left has-white-color has-text-color has-link-color has-heading-2-font-size wp-elements-1 wp-block-paragraph\" style=\"border-radius:4px\">Acc\u00e9dez \u00e0 des outils pratiques, \u00e0 des formations et \u00e0 des ressources fond\u00e9es sur des donn\u00e9es probantes pour <strong><em>am\u00e9liorer<\/em><\/strong> la qualit\u00e9 des soins et de vie <strong><em>du personnel, des r\u00e9sidents<\/em> et <em>des visiteurs des foyers de soins de longue dur\u00e9e<\/em><\/strong>.<\/p>\n\n\n\n<div class=\"wp-block-buttons is-layout-flex wp-block-buttons-is-layout-flex\" style=\"margin-top:var(--wp--preset--spacing--4)\">\n<div class=\"wp-block-button is-style-fill\"><a class=\"wp-block-button__link wp-element-button\" href=\"https:\/\/clri-ltc.ca\/fr\/resources\/\">Explorer nos ressources :<\/a><\/div>\n<\/div>\n<\/div>\n<\/div><\/div>\n\n\n\n<div class=\"wp-block-group alignwide has-global-padding is-layout-constrained wp-block-group-is-layout-constrained\" style=\"margin-top:0;margin-bottom:0;padding-bottom:var(--wp--preset--spacing--9)\">\n<p class=\"has-text-align-center wp-block-paragraph\">L\u2019Initiative PLEDGE des partenariats pour l\u2019apprentissage, l\u2019emploi, la croissance professionnelle et l\u2019exp\u00e9rience du personnel infirmier (Initiative PLEDGE pour le personnel infirmier) vise \u00e0 relever les d\u00e9fis li\u00e9s au recrutement et au maintien en poste des infirmi\u00e8res et infirmiers en instaurant de solides programmes de mentorat et de soutien au leadership dans les foyers de SLD.<\/p>\n\n\n\n<div class=\"wp-block-buttons is-content-justification-center is-layout-flex wp-container-core-buttons-is-layout-a3cff0c6 wp-block-buttons-is-layout-flex\">\n<div class=\"wp-block-button\"><a class=\"wp-block-button__link wp-element-button\" href=\"https:\/\/clri-ltc.ca\/fr\/initiative-pledge-pour-le-personnel-infirmier\/\">En savoir plus<\/a><\/div>\n<\/div>\n<\/div>\n\n\n\n<div class=\"wp-block-group alignwide has-border-color has-neutral-background-color has-background is-vertical is-content-justification-center is-layout-flex wp-container-core-group-is-layout-6b97587f wp-block-group-is-layout-flex\" style=\"border-color:var(--wp--custom--colors--neutral);border-width:2px;border-radius:12px;padding-top:var(--wp--preset--spacing--7);padding-right:var(--wp--preset--spacing--6);padding-bottom:var(--wp--preset--spacing--7);padding-left:var(--wp--preset--spacing--6)\">\n<div class=\"wp-block-group alignwide has-global-padding is-layout-constrained wp-container-core-group-is-layout-8c6a1689 wp-block-group-is-layout-constrained\">\n<h2 class=\"wp-block-heading alignwide has-text-align-left has-dark-color has-text-color has-link-color has-x-large-font-size wp-elements-2\">Ressource en vedette<\/h2>\n<\/div>\n\n\n\n<div data-wp-router-region=\"query-0\" class=\"wp-block-query alignwide is-layout-flow wp-block-query-is-layout-flow\"><ul class=\"columns-3 wp-block-post-template has-medium-font-size is-layout-grid wp-container-core-post-template-is-layout-dadd30eb wp-block-post-template-is-layout-grid\"><li class=\"wp-block-post post-1752 resource type-resource status-publish hentry page-type-projet format-catalogue-de-ressources topic-changement-culture primary-role-membres-de-lequipe-clinique primary-role-membres-de-lequipe-dapprentissage\">\n\n<div class=\"wp-block-group has-border-color has-white-background-color has-background has-global-padding is-layout-constrained wp-container-core-group-is-layout-c9d70190 wp-block-group-is-layout-constrained\" style=\"border-color:var(--wp--custom--colors--dark);border-width:1px;border-radius:8px;min-height:100%;padding-top:var(--wp--preset--spacing--5);padding-right:var(--wp--preset--spacing--5);padding-bottom:var(--wp--preset--spacing--5);padding-left:var(--wp--preset--spacing--5)\"><div class=\"wp-block-post-date has-x-small-font-size\"><time datetime=\"2026-06-02T21:59:00+00:00\">6\/2\/2026<\/time><\/div>\n\n<h2 class=\"wp-block-post-title has-medium-font-size\"><a href=\"https:\/\/clri-ltc.ca\/fr\/resource\/ressources-a-lintention-des-partenaires-de-soins-essentiels\/\" target=\"_self\" >Ressources \u00e0 l\u2019intention des partenaires de soins essentiels<\/a><\/h2>\n\n<div class=\"wp-block-post-excerpt has-small-font-size\"><p class=\"wp-block-post-excerpt__excerpt\">Date de publication : Cet ensemble de ressources \u00e0 l\u2019intention des partenaires de soins essentiels (PSE) vise \u00e0 aider les&hellip; <a class=\"wp-block-post-excerpt__more-link\" href=\"https:\/\/clri-ltc.ca\/fr\/resource\/ressources-a-lintention-des-partenaires-de-soins-essentiels\/\">Read more<\/a><\/p><\/div><\/div>\n\n<\/li><li class=\"wp-block-post post-1582 resource type-resource status-publish hentry\">\n\n<div class=\"wp-block-group has-border-color has-white-background-color has-background has-global-padding is-layout-constrained wp-container-core-group-is-layout-c9d70190 wp-block-group-is-layout-constrained\" style=\"border-color:var(--wp--custom--colors--dark);border-width:1px;border-radius:8px;min-height:100%;padding-top:var(--wp--preset--spacing--5);padding-right:var(--wp--preset--spacing--5);padding-bottom:var(--wp--preset--spacing--5);padding-left:var(--wp--preset--spacing--5)\"><div class=\"wp-block-post-date has-x-small-font-size\"><time datetime=\"2026-05-13T14:03:57+00:00\">5\/13\/2026<\/time><\/div>\n\n<h2 class=\"wp-block-post-title has-medium-font-size\"><a href=\"https:\/\/clri-ltc.ca\/fr\/resource\/la-version-imprimable-du-calendrier-de-la-diversite-et-de-linclusion\/\" target=\"_self\" >La version imprimable du Calendrier\u00a0de la diversit\u00e9 et de l\u2019inclusion<\/a><\/h2>\n\n<div class=\"wp-block-post-excerpt has-small-font-size\"><p class=\"wp-block-post-excerpt__excerpt\">Date de publication : La version imprimable du Calendrier de la diversit\u00e9 et de l\u2019inclusion rassemble au m\u00eame endroit les&hellip; <a class=\"wp-block-post-excerpt__more-link\" href=\"https:\/\/clri-ltc.ca\/fr\/resource\/la-version-imprimable-du-calendrier-de-la-diversite-et-de-linclusion\/\">Read more<\/a><\/p><\/div><\/div>\n\n<\/li><li class=\"wp-block-post post-2636 resource type-resource status-publish hentry page-type-ressource format-catalogue-de-ressources topic-conception-dapprentissage primary-role-membres-de-lequipe-dapprentissage\">\n\n<div class=\"wp-block-group has-border-color has-white-background-color has-background has-global-padding is-layout-constrained wp-container-core-group-is-layout-c9d70190 wp-block-group-is-layout-constrained\" style=\"border-color:var(--wp--custom--colors--dark);border-width:1px;border-radius:8px;min-height:100%;padding-top:var(--wp--preset--spacing--5);padding-right:var(--wp--preset--spacing--5);padding-bottom:var(--wp--preset--spacing--5);padding-left:var(--wp--preset--spacing--5)\"><div class=\"wp-block-post-date has-x-small-font-size\"><time datetime=\"2026-02-20T19:14:05+00:00\">2\/20\/2026<\/time><\/div>\n\n<h2 class=\"wp-block-post-title has-medium-font-size\"><a href=\"https:\/\/clri-ltc.ca\/fr\/resource\/pratiques-de-travail-securitaires-pour-le-personnel-clinique-lapproche-1-2-3-on-bouge\/\" target=\"_self\" >Pratiques de travail s\u00e9curitaires pour le personnel clinique : l\u2019approche 1, 2, 3 On bouge<\/a><\/h2>\n\n<div class=\"wp-block-post-excerpt has-small-font-size\"><p class=\"wp-block-post-excerpt__excerpt\">Date de publication : Ce module est concentr\u00e9 sur les m\u00e9caniques corporelle s\u00e9curit\u00e9 et les principes de pratiques de travail&hellip; <a class=\"wp-block-post-excerpt__more-link\" href=\"https:\/\/clri-ltc.ca\/fr\/resource\/pratiques-de-travail-securitaires-pour-le-personnel-clinique-lapproche-1-2-3-on-bouge\/\">Read more<\/a><\/p><\/div><\/div>\n\n<\/li><\/ul><\/div>\n\n\n\n<div class=\"wp-block-buttons is-content-justification-left is-layout-flex wp-container-core-buttons-is-layout-4dd69be3 wp-block-buttons-is-layout-flex\">\n<div class=\"wp-block-button is-style-fill\"><a class=\"wp-block-button__link has-navy-background-color has-background wp-element-button\" href=\"https:\/\/clri-ltc.ca\/fr\/resources\/\">Afficher toutes les ressources<\/a><\/div>\n<\/div>\n<\/div>\n\n\n\n<div class=\"wp-block-group alignwide is-layout-flow wp-block-group-is-layout-flow\" style=\"margin-top:var(--wp--preset--spacing--9);margin-bottom:var(--wp--preset--spacing--9)\">\n<div class=\"wp-block-zp-metrics has-4-columns\"><div class=\"metrics\">\n<div class=\"wp-block-zp-metric has-navy-color has-text-color has-link-color wp-elements-4\"><div class=\"content-container\"><div id=\"count-up\" data-count-animated=\"true\" data-count-start=\"0\" data-count-end=\"99\" data-count-duration=\"2.5\" class=\"counter\" aria-live=\"polite\" aria-describedby=\"count-description\"><span class=\"prefix\"><\/span><span class=\"metric\">99<\/span><span class=\"suffix\">&nbsp;%<\/span><\/div><span id=\"count-description\" class=\"screen-reader-text\">des foyers de soins de longue dur\u00e9e ont \u00e9t\u00e9 servis<\/span><p class=\"description\">des foyers de soins de longue dur\u00e9e ont \u00e9t\u00e9 servis<\/p><\/div><\/div>\n\n\n\n<div class=\"wp-block-zp-metric has-navy-color has-text-color has-link-color wp-elements-5\"><div class=\"content-container\"><div id=\"count-up\" data-count-animated=\"true\" data-count-start=\"0\" data-count-end=\"250,000\" data-count-duration=\"2.5\" class=\"counter\" aria-live=\"polite\" aria-describedby=\"count-description\"><span class=\"prefix\"><\/span><span class=\"metric\">250,000<\/span><span class=\"suffix\">&nbsp;+<\/span><\/div><span id=\"count-description\" class=\"screen-reader-text\">personnes ont particip\u00e9 \u00e0 des formations et \u00e0 des cours en 2024-2025<\/span><p class=\"description\">personnes ont particip\u00e9 \u00e0 des formations et \u00e0 des cours en 2024-2025<\/p><\/div><\/div>\n\n\n\n<div class=\"wp-block-zp-metric has-navy-color has-text-color has-link-color wp-elements-6\"><div class=\"content-container\"><div id=\"count-up\" data-count-animated=\"true\" data-count-start=\"0\" data-count-end=\"93\" data-count-duration=\"2.5\" class=\"counter\" aria-live=\"polite\" aria-describedby=\"count-description\"><span class=\"prefix\"><\/span><span class=\"metric\">93<\/span><span class=\"suffix\">&nbsp;%<\/span><\/div><span id=\"count-description\" class=\"screen-reader-text\">des participants aux formations ont l\u2019intention de mettre en pratique ce qu\u2019ils ont appris<\/span><p class=\"description\">des participants aux formations ont l\u2019intention de mettre en pratique ce qu\u2019ils ont appris<\/p><\/div><\/div>\n\n\n\n<div class=\"wp-block-zp-metric has-navy-color has-text-color has-link-color wp-elements-7\"><div class=\"content-container\"><div id=\"count-up\" data-count-animated=\"true\" data-count-start=\"0\" data-count-end=\"95\" data-count-duration=\"2.5\" class=\"counter\" aria-live=\"polite\" aria-describedby=\"count-description\"><span class=\"prefix\"><\/span><span class=\"metric\">95<\/span><span class=\"suffix\">&nbsp;%<\/span><\/div><span id=\"count-description\" class=\"screen-reader-text\">des activit\u00e9s int\u00e8grent une collaboration avec des partenaires<\/span><p class=\"description\">des activit\u00e9s int\u00e8grent une collaboration avec des partenaires<\/p><\/div><\/div>\n<\/div><\/div>\n<\/div>\n\n\n\n\n\n<div class=\"wp-block-group alignwide is-vertical is-content-justification-center is-nowrap is-layout-flex wp-container-core-group-is-layout-859825b2 wp-block-group-is-layout-flex\" style=\"border-top-style:none;border-top-width:0px;border-right-style:none;border-right-width:0px;border-bottom-color:var(--wp--preset--color--neutral);border-bottom-style:none;border-bottom-width:0px;border-left-style:none;border-left-width:0px;margin-bottom:0;padding-top:var(--wp--preset--spacing--8);padding-right:0;padding-bottom:var(--wp--preset--spacing--8);padding-left:0\">\n<div class=\"wp-block-columns is-layout-flex wp-container-core-columns-is-layout-1458d005 wp-block-columns-is-layout-flex\">\n<div class=\"wp-block-column is-layout-flow wp-block-column-is-layout-flow\">\n<div class=\"wp-block-group is-nowrap is-layout-flex wp-container-core-group-is-layout-073242de wp-block-group-is-layout-flex\">\n<h2 class=\"wp-block-heading has-x-large-font-size wp-container-content-9cfa9a5a\">Derni\u00e8res nouvelles<\/h2>\n\n\n\n<div class=\"wp-block-buttons has-custom-font-size has-small-font-size is-layout-flex wp-block-buttons-is-layout-flex\">\n<div class=\"wp-block-button\"><a class=\"wp-block-button__link wp-element-button\" href=\"https:\/\/clri-ltc.ca\/fr\/actualites\/\">Voir toutes les nouvelles<\/a><\/div>\n<\/div>\n<\/div>\n\n\n\n<div data-wp-router-region=\"query-0\" class=\"wp-block-query alignwide is-layout-flow wp-block-query-is-layout-flow\"><ul class=\"wp-block-post-template has-medium-font-size is-layout-flow wp-block-post-template-is-layout-flow\"><li class=\"wp-block-post post-54 post type-post status-publish format-standard hentry category-les-nouvelles category-research-institute-for-aging\">\n\n<div class=\"wp-block-group has-border-color has-global-padding is-layout-constrained wp-container-core-group-is-layout-c9d70190 wp-block-group-is-layout-constrained\" style=\"border-color:var(--wp--custom--colors--dark);border-width:1px;border-radius:8px;padding-top:var(--wp--preset--spacing--5);padding-right:var(--wp--preset--spacing--5);padding-bottom:var(--wp--preset--spacing--5);padding-left:var(--wp--preset--spacing--5)\"><div class=\"wp-block-post-date has-x-small-font-size\"><time datetime=\"2022-02-10T19:18:52+00:00\">2\/10\/2022<\/time><\/div>\n\n<h2 class=\"wp-block-post-title has-medium-font-size\"><a href=\"https:\/\/clri-ltc.ca\/fr\/un-nouveau-projet-apporte-un-soutien-financier-aux-soins-de-longue-duree-pour-des-stages-cliniques-optimaux\/\" target=\"_self\" >Un nouveau projet apporte un soutien financier aux soins de longue dur\u00e9e pour des stages cliniques optimaux<\/a><\/h2>\n\n<div class=\"wp-block-post-excerpt has-small-font-size\"><p class=\"wp-block-post-excerpt__excerpt\">Les foyers de soins de longue dur\u00e9e (SLD) de l\u2019Ontario recevront un appui \u00e9ducatif et financier leur permettant d\u2019offrir des&hellip; <\/p><\/div><\/div>\n\n<\/li><li class=\"wp-block-post post-52 post type-post status-publish format-standard hentry category-bruyere category-les-nouvelles\">\n\n<div class=\"wp-block-group has-border-color has-global-padding is-layout-constrained wp-container-core-group-is-layout-c9d70190 wp-block-group-is-layout-constrained\" style=\"border-color:var(--wp--custom--colors--dark);border-width:1px;border-radius:8px;padding-top:var(--wp--preset--spacing--5);padding-right:var(--wp--preset--spacing--5);padding-bottom:var(--wp--preset--spacing--5);padding-left:var(--wp--preset--spacing--5)\"><div class=\"wp-block-post-date has-x-small-font-size\"><time datetime=\"2021-10-21T20:05:53+00:00\">10\/21\/2021<\/time><\/div>\n\n<h2 class=\"wp-block-post-title has-medium-font-size\"><a href=\"https:\/\/clri-ltc.ca\/fr\/la-serie-de-cours-accreditee-sur-le-leadership-en-soins-infirmiers-cliniques-est-maintenant-offerte-en-francais\/\" target=\"_self\" >La s\u00e9rie de cours accr\u00e9dit\u00e9e sur le leadership en soins infirmiers cliniques est maintenant offerte en fran\u00e7ais!<\/a><\/h2>\n\n<div class=\"wp-block-post-excerpt has-small-font-size\"><p class=\"wp-block-post-excerpt__excerpt\">Le CARI de l\u2019Ontario \u00e0 Bruy\u00e8re offre maintenant en fran\u00e7ais la s\u00e9rie de cours en ligne sur le leadership en&hellip; <\/p><\/div><\/div>\n\n<\/li><li class=\"wp-block-post post-8 post type-post status-publish format-standard hentry category-les-nouvelles category-research-institute-for-aging\">\n\n<div class=\"wp-block-group has-border-color has-global-padding is-layout-constrained wp-container-core-group-is-layout-c9d70190 wp-block-group-is-layout-constrained\" style=\"border-color:var(--wp--custom--colors--dark);border-width:1px;border-radius:8px;padding-top:var(--wp--preset--spacing--5);padding-right:var(--wp--preset--spacing--5);padding-bottom:var(--wp--preset--spacing--5);padding-left:var(--wp--preset--spacing--5)\"><div class=\"wp-block-post-date has-x-small-font-size\"><time datetime=\"2020-04-02T13:23:40+00:00\">4\/2\/2020<\/time><\/div>\n\n<h2 class=\"wp-block-post-title has-medium-font-size\"><a href=\"https:\/\/clri-ltc.ca\/fr\/reponse-des-cari-de-lontario-a-la-covid-19\/\" target=\"_self\" >Ressources pour SLD pendant COVID 19<\/a><\/h2>\n\n<div class=\"wp-block-post-excerpt has-small-font-size\"><p class=\"wp-block-post-excerpt__excerpt\">Pendant cette pand\u00e9mie, les Centres d\u2019apprentissage, de recherche et d\u2019innovation (CARI) de l\u2019Ontario ont recours au t\u00e9l\u00e9travail pour continuer \u00e0&hellip; <\/p><\/div><\/div>\n\n<\/li><\/ul><\/div>\n<\/div>\n\n\n\n\n<\/div>\n<\/div>\n\n\n\n<div class=\"wp-block-group alignfull has-white-color has-navy-background-color has-text-color has-background has-link-color wp-elements-9 is-vertical is-content-justification-center is-layout-flex wp-container-core-group-is-layout-ee572b37 wp-block-group-is-layout-flex\" style=\"border-radius:8px;margin-top:var(--wp--preset--spacing--7);padding-top:var(--wp--preset--spacing--8);padding-bottom:var(--wp--preset--spacing--8)\">\n<h2 class=\"wp-block-heading\">Garder le contact!<\/h2>\n\n\n\n<div class=\"wp-block-buttons is-layout-flex wp-block-buttons-is-layout-flex\">\n<div class=\"wp-block-button is-style-outline is-style-outline--1\"><a class=\"wp-block-button__link has-white-background-color has-text-color has-background has-link-color wp-element-button\" href=\"https:\/\/clri-ltc.ca\/fr\/sinscrire\/\" style=\"color:#ffffff\">S\u2019inscrire \u00e0 notre infolettre<\/a><\/div>\n<\/div>\n<\/div>\n","protected":false},"excerpt":{"rendered":"<p>L\u2019Initiative PLEDGE des partenariats pour l\u2019apprentissage, l\u2019emploi, la croissance professionnelle et l\u2019exp\u00e9rience du personnel infirmier (Initiative PLEDGE pour le personnel infirmier) vise \u00e0 relever les d\u00e9fis li\u00e9s au recrutement et au maintien en poste des infirmi\u00e8res et infirmiers en instaurant de solides programmes de mentorat et de soutien au leadership dans les foyers de SLD. [&hellip;]<\/p>\n","protected":false},"author":23,"featured_media":0,"parent":0,"menu_order":0,"comment_status":"open","ping_status":"open","template":"wp-custom-template-page-no-title","meta":{"_acf_changed":false,"footnotes":""},"class_list":["post-176","page","type-page","status-publish","hentry"],"acf":[],"yoast_head":"<!-- This site is optimized with the Yoast SEO plugin v28.3 - https:\/\/yoast.com\/product\/yoast-seo-wordpress\/ -->\n<title>Page d\u2019accueil - Les Centres d\u2019apprentissage, de recherche et d\u2019innovation pour les foyers de soins de longue dur\u00e9e de l\u2019Ontario<\/title>\n<meta name=\"robots\" content=\"index, follow, max-snippet:-1, max-image-preview:large, max-video-preview:-1\" \/>\n<link rel=\"canonical\" href=\"https:\/\/clri-ltc.ca\/fr\/\" \/>\n<meta property=\"og:locale\" content=\"fr_CA\" \/>\n<meta property=\"og:type\" content=\"article\" \/>\n<meta property=\"og:title\" content=\"Page d\u2019accueil - Les Centres d\u2019apprentissage, de recherche et d\u2019innovation pour les foyers de soins de longue dur\u00e9e de l\u2019Ontario\" \/>\n<meta property=\"og:description\" content=\"L\u2019Initiative PLEDGE des partenariats pour l\u2019apprentissage, l\u2019emploi, la croissance professionnelle et l\u2019exp\u00e9rience du personnel infirmier (Initiative PLEDGE pour le personnel infirmier) vise \u00e0 relever les d\u00e9fis li\u00e9s au recrutement et au maintien en poste des infirmi\u00e8res et infirmiers en instaurant de solides programmes de mentorat et de soutien au leadership dans les foyers de SLD. [&hellip;]\" \/>\n<meta property=\"og:url\" content=\"https:\/\/clri-ltc.ca\/fr\/\" \/>\n<meta property=\"og:site_name\" content=\"Les Centres d\u2019apprentissage, de recherche et d\u2019innovation pour les foyers de soins de longue dur\u00e9e de l\u2019Ontario\" \/>\n<meta property=\"article:modified_time\" content=\"2026-03-20T15:16:57+00:00\" \/>\n<meta name=\"twitter:card\" content=\"summary_large_image\" \/>\n<meta name=\"twitter:label1\" content=\"Estimation du temps de lecture\" \/>\n\t<meta name=\"twitter:data1\" content=\"4 minutes\" \/>\n<script type=\"application\/ld+json\" class=\"yoast-schema-graph\">{\"@context\":\"https:\\\/\\\/schema.org\",\"@graph\":[{\"@type\":\"WebPage\",\"@id\":\"https:\\\/\\\/clri-ltc.ca\\\/fr\\\/\",\"url\":\"https:\\\/\\\/clri-ltc.ca\\\/fr\\\/\",\"name\":\"Page d\u2019accueil - Les Centres d\u2019apprentissage, de recherche et d\u2019innovation pour les foyers de soins de longue dur\u00e9e de l\u2019Ontario\",\"isPartOf\":{\"@id\":\"https:\\\/\\\/clri-ltc.ca\\\/fr\\\/#website\"},\"primaryImageOfPage\":{\"@id\":\"https:\\\/\\\/clri-ltc.ca\\\/fr\\\/#primaryimage\"},\"image\":{\"@id\":\"https:\\\/\\\/clri-ltc.ca\\\/fr\\\/#primaryimage\"},\"thumbnailUrl\":\"https:\\\/\\\/clri-ltc.ca\\\/wp-content\\\/uploads\\\/2019\\\/04\\\/recreation-professional-1024x683.jpg\",\"datePublished\":\"2018-08-17T19:56:20+00:00\",\"dateModified\":\"2026-03-20T15:16:57+00:00\",\"breadcrumb\":{\"@id\":\"https:\\\/\\\/clri-ltc.ca\\\/fr\\\/#breadcrumb\"},\"inLanguage\":\"fr-CA\",\"potentialAction\":[{\"@type\":\"ReadAction\",\"target\":[\"https:\\\/\\\/clri-ltc.ca\\\/fr\\\/\"]}]},{\"@type\":\"ImageObject\",\"inLanguage\":\"fr-CA\",\"@id\":\"https:\\\/\\\/clri-ltc.ca\\\/fr\\\/#primaryimage\",\"url\":\"https:\\\/\\\/clri-ltc.ca\\\/wp-content\\\/uploads\\\/2019\\\/04\\\/recreation-professional-1024x683.jpg\",\"contentUrl\":\"https:\\\/\\\/clri-ltc.ca\\\/wp-content\\\/uploads\\\/2019\\\/04\\\/recreation-professional-1024x683.jpg\"},{\"@type\":\"BreadcrumbList\",\"@id\":\"https:\\\/\\\/clri-ltc.ca\\\/fr\\\/#breadcrumb\",\"itemListElement\":[{\"@type\":\"ListItem\",\"position\":1,\"name\":\"Home\",\"item\":\"https:\\\/\\\/clri-ltc.ca\\\/fr\\\/\"},{\"@type\":\"ListItem\",\"position\":2,\"name\":\"Page d\u2019accueil\"}]},{\"@type\":\"WebSite\",\"@id\":\"https:\\\/\\\/clri-ltc.ca\\\/fr\\\/#website\",\"url\":\"https:\\\/\\\/clri-ltc.ca\\\/fr\\\/\",\"name\":\"Les Centres d\u2019apprentissage, de recherche et d\u2019innovation pour les foyers de soins de longue dur\u00e9e de l\u2019Ontario\",\"description\":\"\",\"publisher\":{\"@id\":\"https:\\\/\\\/clri-ltc.ca\\\/fr\\\/#organization\"},\"potentialAction\":[{\"@type\":\"SearchAction\",\"target\":{\"@type\":\"EntryPoint\",\"urlTemplate\":\"https:\\\/\\\/clri-ltc.ca\\\/fr\\\/?s={search_term_string}\"},\"query-input\":{\"@type\":\"PropertyValueSpecification\",\"valueRequired\":true,\"valueName\":\"search_term_string\"}}],\"inLanguage\":\"fr-CA\"},{\"@type\":\"Organization\",\"@id\":\"https:\\\/\\\/clri-ltc.ca\\\/fr\\\/#organization\",\"name\":\"Les Centres d\u2019apprentissage, de recherche et d\u2019innovation pour les foyers de soins de longue dur\u00e9e de l\u2019Ontario\",\"url\":\"https:\\\/\\\/clri-ltc.ca\\\/fr\\\/\",\"logo\":{\"@type\":\"ImageObject\",\"inLanguage\":\"fr-CA\",\"@id\":\"https:\\\/\\\/clri-ltc.ca\\\/fr\\\/#\\\/schema\\\/logo\\\/image\\\/\",\"url\":\"https:\\\/\\\/clri-ltc.ca\\\/fr\\\/wp-content\\\/uploads\\\/sites\\\/3\\\/2026\\\/02\\\/CLRI_Logo_French_2025_Grey-1-1-scaled.png\",\"contentUrl\":\"https:\\\/\\\/clri-ltc.ca\\\/fr\\\/wp-content\\\/uploads\\\/sites\\\/3\\\/2026\\\/02\\\/CLRI_Logo_French_2025_Grey-1-1-scaled.png\",\"width\":2560,\"height\":828,\"caption\":\"Les Centres d\u2019apprentissage, de recherche et d\u2019innovation pour les foyers de soins de longue dur\u00e9e de l\u2019Ontario\"},\"image\":{\"@id\":\"https:\\\/\\\/clri-ltc.ca\\\/fr\\\/#\\\/schema\\\/logo\\\/image\\\/\"}}]}<\/script>\n<!-- \/ Yoast SEO plugin. -->","yoast_head_json":{"title":"Page d\u2019accueil - Les Centres d\u2019apprentissage, de recherche et d\u2019innovation pour les foyers de soins de longue dur\u00e9e de l\u2019Ontario","robots":{"index":"index","follow":"follow","max-snippet":"max-snippet:-1","max-image-preview":"max-image-preview:large","max-video-preview":"max-video-preview:-1"},"canonical":"https:\/\/clri-ltc.ca\/fr\/","og_locale":"fr_CA","og_type":"article","og_title":"Page d\u2019accueil - Les Centres d\u2019apprentissage, de recherche et d\u2019innovation pour les foyers de soins de longue dur\u00e9e de l\u2019Ontario","og_description":"L\u2019Initiative PLEDGE des partenariats pour l\u2019apprentissage, l\u2019emploi, la croissance professionnelle et l\u2019exp\u00e9rience du personnel infirmier (Initiative PLEDGE pour le personnel infirmier) vise \u00e0 relever les d\u00e9fis li\u00e9s au recrutement et au maintien en poste des infirmi\u00e8res et infirmiers en instaurant de solides programmes de mentorat et de soutien au leadership dans les foyers de SLD. [&hellip;]","og_url":"https:\/\/clri-ltc.ca\/fr\/","og_site_name":"Les Centres d\u2019apprentissage, de recherche et d\u2019innovation pour les foyers de soins de longue dur\u00e9e de l\u2019Ontario","article_modified_time":"2026-03-20T15:16:57+00:00","twitter_card":"summary_large_image","twitter_misc":{"Estimation du temps de lecture":"4 minutes"},"schema":{"@context":"https:\/\/schema.org","@graph":[{"@type":"WebPage","@id":"https:\/\/clri-ltc.ca\/fr\/","url":"https:\/\/clri-ltc.ca\/fr\/","name":"Page d\u2019accueil - Les Centres d\u2019apprentissage, de recherche et d\u2019innovation pour les foyers de soins de longue dur\u00e9e de l\u2019Ontario","isPartOf":{"@id":"https:\/\/clri-ltc.ca\/fr\/#website"},"primaryImageOfPage":{"@id":"https:\/\/clri-ltc.ca\/fr\/#primaryimage"},"image":{"@id":"https:\/\/clri-ltc.ca\/fr\/#primaryimage"},"thumbnailUrl":"https:\/\/clri-ltc.ca\/wp-content\/uploads\/2019\/04\/recreation-professional-1024x683.jpg","datePublished":"2018-08-17T19:56:20+00:00","dateModified":"2026-03-20T15:16:57+00:00","breadcrumb":{"@id":"https:\/\/clri-ltc.ca\/fr\/#breadcrumb"},"inLanguage":"fr-CA","potentialAction":[{"@type":"ReadAction","target":["https:\/\/clri-ltc.ca\/fr\/"]}]},{"@type":"ImageObject","inLanguage":"fr-CA","@id":"https:\/\/clri-ltc.ca\/fr\/#primaryimage","url":"https:\/\/clri-ltc.ca\/wp-content\/uploads\/2019\/04\/recreation-professional-1024x683.jpg","contentUrl":"https:\/\/clri-ltc.ca\/wp-content\/uploads\/2019\/04\/recreation-professional-1024x683.jpg"},{"@type":"BreadcrumbList","@id":"https:\/\/clri-ltc.ca\/fr\/#breadcrumb","itemListElement":[{"@type":"ListItem","position":1,"name":"Home","item":"https:\/\/clri-ltc.ca\/fr\/"},{"@type":"ListItem","position":2,"name":"Page d\u2019accueil"}]},{"@type":"WebSite","@id":"https:\/\/clri-ltc.ca\/fr\/#website","url":"https:\/\/clri-ltc.ca\/fr\/","name":"Les Centres d\u2019apprentissage, de recherche et d\u2019innovation pour les foyers de soins de longue dur\u00e9e de l\u2019Ontario","description":"","publisher":{"@id":"https:\/\/clri-ltc.ca\/fr\/#organization"},"potentialAction":[{"@type":"SearchAction","target":{"@type":"EntryPoint","urlTemplate":"https:\/\/clri-ltc.ca\/fr\/?s={search_term_string}"},"query-input":{"@type":"PropertyValueSpecification","valueRequired":true,"valueName":"search_term_string"}}],"inLanguage":"fr-CA"},{"@type":"Organization","@id":"https:\/\/clri-ltc.ca\/fr\/#organization","name":"Les Centres d\u2019apprentissage, de recherche et d\u2019innovation pour les foyers de soins de longue dur\u00e9e de l\u2019Ontario","url":"https:\/\/clri-ltc.ca\/fr\/","logo":{"@type":"ImageObject","inLanguage":"fr-CA","@id":"https:\/\/clri-ltc.ca\/fr\/#\/schema\/logo\/image\/","url":"https:\/\/clri-ltc.ca\/fr\/wp-content\/uploads\/sites\/3\/2026\/02\/CLRI_Logo_French_2025_Grey-1-1-scaled.png","contentUrl":"https:\/\/clri-ltc.ca\/fr\/wp-content\/uploads\/sites\/3\/2026\/02\/CLRI_Logo_French_2025_Grey-1-1-scaled.png","width":2560,"height":828,"caption":"Les Centres d\u2019apprentissage, de recherche et d\u2019innovation pour les foyers de soins de longue dur\u00e9e de l\u2019Ontario"},"image":{"@id":"https:\/\/clri-ltc.ca\/fr\/#\/schema\/logo\/image\/"}}]}},"_links":{"self":[{"href":"https:\/\/clri-ltc.ca\/fr\/wp-json\/wp\/v2\/pages\/176","targetHints":{"allow":["GET"]}}],"collection":[{"href":"https:\/\/clri-ltc.ca\/fr\/wp-json\/wp\/v2\/pages"}],"about":[{"href":"https:\/\/clri-ltc.ca\/fr\/wp-json\/wp\/v2\/types\/page"}],"author":[{"embeddable":true,"href":"https:\/\/clri-ltc.ca\/fr\/wp-json\/wp\/v2\/users\/23"}],"replies":[{"embeddable":true,"href":"https:\/\/clri-ltc.ca\/fr\/wp-json\/wp\/v2\/comments?post=176"}],"version-history":[{"count":27,"href":"https:\/\/clri-ltc.ca\/fr\/wp-json\/wp\/v2\/pages\/176\/revisions"}],"predecessor-version":[{"id":3275,"href":"https:\/\/clri-ltc.ca\/fr\/wp-json\/wp\/v2\/pages\/176\/revisions\/3275"}],"wp:attachment":[{"href":"https:\/\/clri-ltc.ca\/fr\/wp-json\/wp\/v2\/media?parent=176"}],"curies":[{"name":"wp","href":"https:\/\/api.w.org\/{rel}","templated":true}]}}