{"id":1582,"date":"2026-05-13T14:03:57","date_gmt":"2026-05-13T14:03:57","guid":{"rendered":"https:\/\/clri-ltc.ca\/fr\/en\/resource\/la-version-imprimable-du-calendrier-de-la-diversite-et-de-linclusion\/"},"modified":"2026-05-14T19:44:05","modified_gmt":"2026-05-14T19:44:05","slug":"la-version-imprimable-du-calendrier-de-la-diversite-et-de-linclusion","status":"publish","type":"resource","link":"https:\/\/clri-ltc.ca\/fr\/resource\/la-version-imprimable-du-calendrier-de-la-diversite-et-de-linclusion\/","title":{"rendered":"La version imprimable du Calendrier\u00a0de la diversit\u00e9 et de l\u2019inclusion"},"content":{"rendered":"\n<div class=\"wp-block-group alignfull has-global-padding is-layout-constrained wp-block-group-is-layout-constrained\">\n<div class=\"wp-block-cover alignfull\"><img decoding=\"async\" class=\"wp-block-cover__image-background\" alt=\"\" src=\"https:\/\/www.youtube.com\/watch?v=nLjPE8qVn0Y\" data-object-fit=\"cover\"\/><span aria-hidden=\"true\" class=\"wp-block-cover__background has-navy-background-color has-background-dim-100 has-background-dim\"><\/span><div class=\"wp-block-cover__inner-container has-global-padding is-layout-constrained wp-block-cover-is-layout-constrained\">\n<h1 class=\"wp-block-heading alignwide has-text-align-center\">La version imprimable du Calendrier&nbsp;de la diversit\u00e9 et de l\u2019inclusion<\/h1>\n<\/div><\/div>\n\n\n\n<div class=\"wp-block-group alignwide has-neutral-background-color has-background has-medium-font-size is-vertical is-layout-flex wp-container-core-group-is-layout-fe7c6175 wp-block-group-is-layout-flex\" style=\"border-top-left-radius:8px;border-top-right-radius:8px;border-bottom-left-radius:0px;border-bottom-right-radius:0px;margin-top:var(--wp--preset--spacing--6);margin-bottom:0;padding-top:var(--wp--preset--spacing--6);padding-right:var(--wp--preset--spacing--6);padding-bottom:var(--wp--preset--spacing--3);padding-left:var(--wp--preset--spacing--6)\">\n<div class=\"wp-block-group is-content-justification-left is-nowrap is-layout-flex wp-container-core-group-is-layout-72f2fa55 wp-block-group-is-layout-flex\">\n<p class=\"has-small-font-size wp-block-paragraph\"><strong><strong><strong>Date de publication :<\/strong><\/strong><\/strong><\/p>\n\n\n<div class=\"wp-block-post-date has-small-font-size\"><time datetime=\"2026-05-13T14:03:57+00:00\">5\/13\/2026<\/time><\/div><\/div>\n\n\n<\/div>\n\n\n\n<div class=\"wp-block-group alignwide has-neutral-background-color has-background is-vertical is-layout-flex wp-container-core-group-is-layout-17338692 wp-block-group-is-layout-flex\" style=\"border-style:none;border-width:0px;border-top-left-radius:0px;border-top-right-radius:0px;border-bottom-left-radius:8px;border-bottom-right-radius:8px;margin-top:0;margin-bottom:0;padding-top:0;padding-right:var(--wp--preset--spacing--5);padding-bottom:var(--wp--preset--spacing--4);padding-left:var(--wp--preset--spacing--5)\"><\/div>\n\n\n\n<div class=\"wp-block-group alignwide is-layout-flow wp-block-group-is-layout-flow\">\n<p class=\"wp-block-paragraph\">La version imprimable du Calendrier de la diversit\u00e9 et de l\u2019inclusion rassemble au m\u00eame endroit les journ\u00e9es qui peuvent avoir une signification particuli\u00e8re pour les r\u00e9sidents en soins de longue dur\u00e9e, leur famille et les membres d\u2019\u00e9quipes: les f\u00eates religieuses et spirituelles, les f\u00eates culturelles, les journ\u00e9es de sensibilisation et les journ\u00e9es de promotion de la sant\u00e9. En restant conscient de ces journ\u00e9es et en pr\u00e9parant des activit\u00e9s qui y sont li\u00e9es, vous serez en mesure de cr\u00e9er un foyer inclusif, tous les jours de l\u2019ann\u00e9e.<\/p>\n\n\n\n<p class=\"wp-block-paragraph\">Consultez le <strong><a href=\"https:\/\/clri-ltc.ca\/resource\/diversitycalendar\/\" target=\"_blank\" rel=\"noreferrer noopener\">calendrier num\u00e9rique de la diversit\u00e9 et de l\u2019inclusion (en anglais)<\/a> <\/strong>pour explorer les ressources et les renseignements qui vous permettront d\u2019approfondir votre connaissance et votre compr\u00e9hension de ces dates.<\/p>\n\n\n\n<p class=\"wp-block-paragraph\">Apprenez-en davantage sur notre <a href=\"https:\/\/clri-ltc.ca\/fr\/resources\/?resource_category=0&amp;resource_topic=652&amp;resource_audience=0\"><strong>travail et nos ressources en mati\u00e8re de diversit\u00e9 et d\u2019inclusion<\/strong><\/a>.<\/p>\n\n\n\n<p class=\"wp-block-paragraph\">Contactez-nous \u00e0 l\u2019adresse <a href=\"mailto:info@clri-ltc.ca\"><strong>info@clri-ltc.ca<\/strong><\/a> pour demander des copies imprim\u00e9es des pages mensuelles du calendrier \u00e0 afficher.<\/p>\n\n\n\n<p class=\"wp-block-paragraph\">Le Calendrier de la diversit\u00e9 et de l\u2019inclusion ne constitue pas une liste exhaustive et n\u2019est pas con\u00e7u pour \u00eatre utilis\u00e9 dans le cadre de demandes de mesures d\u2019adaptation. Les commentaires sont les bienvenus pour mettre \u00e0 jour cette page au besoin.<\/p>\n\n\n\n<p class=\"wp-block-paragraph\">Veuillez noter que ces ressources sont con\u00e7ues pour l\u2019impression et qu\u2019elles ne sont peut-\u00eatre pas optimales pour un usage num\u00e9rique avec des technologies d\u2019accessibilit\u00e9 telles que les lecteurs d\u2019\u00e9cran, etc.<\/p>\n<\/div>\n\n\n\n<div class=\"wp-block-group alignwide is-layout-flow wp-block-group-is-layout-flow\" style=\"border-top-width:2px;padding-top:var(--wp--preset--spacing--5)\">\n<h3 class=\"wp-block-heading\">T\u00e9l\u00e9chargements<\/h3>\n\n\n\n<div class=\"wp-block-columns alignwide is-layout-flex wp-container-core-columns-is-layout-073242de wp-block-columns-is-layout-flex\">\n<div class=\"wp-block-column is-layout-flow wp-block-column-is-layout-flow\">\n<figure class=\"wp-block-image size-large\"><a href=\"https:\/\/clri-ltc.ca\/fr\/wp-content\/uploads\/sites\/3\/2026\/05\/2026-Printable-PLANNING-Calendar-Full-Year-FR.pdf\" target=\"_blank\" rel=\" noreferrer noopener\"><img loading=\"lazy\" decoding=\"async\" width=\"1024\" height=\"512\" src=\"https:\/\/clri-ltc.ca\/fr\/wp-content\/uploads\/sites\/3\/2025\/08\/EDI-Calendar-8-1024x512.png\" alt=\"\" class=\"wp-image-1981\" srcset=\"https:\/\/clri-ltc.ca\/fr\/wp-content\/uploads\/sites\/3\/2025\/08\/EDI-Calendar-8-1024x512.png 1024w, https:\/\/clri-ltc.ca\/fr\/wp-content\/uploads\/sites\/3\/2025\/08\/EDI-Calendar-8-300x150.png 300w, https:\/\/clri-ltc.ca\/fr\/wp-content\/uploads\/sites\/3\/2025\/08\/EDI-Calendar-8-768x384.png 768w, https:\/\/clri-ltc.ca\/fr\/wp-content\/uploads\/sites\/3\/2025\/08\/EDI-Calendar-8-420x210.png 420w, https:\/\/clri-ltc.ca\/fr\/wp-content\/uploads\/sites\/3\/2025\/08\/EDI-Calendar-8.png 1536w\" sizes=\"auto, (max-width: 1024px) 100vw, 1024px\" \/><\/a><\/figure>\n\n\n\n<h5 class=\"wp-block-heading has-text-align-center\"><strong><a href=\"https:\/\/clri-ltc.ca\/fr\/wp-content\/uploads\/sites\/3\/2026\/05\/2026-Printable-PLANNING-Calendar-Full-Year-FR.pdf\">Version imprimable du Calendrier de la diversit\u00e9 et de l\u2019inclusion<\/a><\/strong><\/h5>\n\n\n\n<p class=\"wp-block-paragraph\">\u00c0 l\u2019intention des formateurs, des directeurs des loisirs et des \u00e9quipes, aux fins de planification.<\/p>\n<\/div>\n\n\n\n<div class=\"wp-block-column is-layout-flow wp-block-column-is-layout-flow\">\n<figure class=\"wp-block-image size-large\"><a href=\"https:\/\/clri-ltc.ca\/fr\/wp-content\/uploads\/sites\/3\/2026\/05\/2026-Diversity-Print-Calendar-Full-Year-FR.pdf\" target=\"_blank\" rel=\" noreferrer noopener\"><img loading=\"lazy\" decoding=\"async\" width=\"1024\" height=\"512\" src=\"https:\/\/clri-ltc.ca\/fr\/wp-content\/uploads\/sites\/3\/2026\/05\/2025-1-1024x512.png\" alt=\"\" class=\"wp-image-3337\" srcset=\"https:\/\/clri-ltc.ca\/fr\/wp-content\/uploads\/sites\/3\/2026\/05\/2025-1-1024x512.png 1024w, https:\/\/clri-ltc.ca\/fr\/wp-content\/uploads\/sites\/3\/2026\/05\/2025-1-300x150.png 300w, https:\/\/clri-ltc.ca\/fr\/wp-content\/uploads\/sites\/3\/2026\/05\/2025-1-768x384.png 768w, https:\/\/clri-ltc.ca\/fr\/wp-content\/uploads\/sites\/3\/2026\/05\/2025-1-420x210.png 420w, https:\/\/clri-ltc.ca\/fr\/wp-content\/uploads\/sites\/3\/2026\/05\/2025-1.png 1536w\" sizes=\"auto, (max-width: 1024px) 100vw, 1024px\" \/><\/a><\/figure>\n\n\n\n<h5 class=\"wp-block-heading has-text-align-center\"><strong><a href=\"https:\/\/clri-ltc.ca\/fr\/wp-content\/uploads\/sites\/3\/2026\/05\/2026-Diversity-Print-Calendar-Full-Year-FR.pdf\">Calendrier \u00e0 afficher (12\u00a0mois, 11\u00a0po\u00a0x\u00a017\u00a0po)<\/a><\/strong><\/h5>\n\n\n\n<p class=\"wp-block-paragraph\">\u00c0 afficher sur les babillards des r\u00e9sidents et des \u00e9quipes. Faire d\u00e9filer vers le bas pour t\u00e9l\u00e9charger les versions mensuelles individuelles.<\/p>\n<\/div>\n<\/div>\n<\/div>\n\n\n\n<div class=\"wp-block-group alignwide is-layout-flow wp-block-group-is-layout-flow\" style=\"border-top-width:3px;padding-top:var(--wp--preset--spacing--6);padding-bottom:var(--wp--preset--spacing--6)\">\n<h3 class=\"wp-block-heading\">T\u00e9l\u00e9charger le calendrier \u00e0 afficher, un mois \u00e0 la fois<\/h3>\n\n\n\n<p class=\"wp-block-paragraph\">Cliquer sur les images ci-dessous pour t\u00e9l\u00e9charger la ou les affiches (11 po x 17 po) du pr\u00e9sent mois.<\/p>\n\n\n\n<div class=\"wp-block-columns alignwide is-layout-flex wp-container-core-columns-is-layout-073242de wp-block-columns-is-layout-flex\">\n<div class=\"wp-block-column is-layout-flow wp-block-column-is-layout-flow\">\n<figure class=\"wp-block-image size-full\"><a href=\"https:\/\/clri-ltc.ca\/fr\/wp-content\/uploads\/sites\/3\/2026\/05\/01-26-January-_Diversity-Print-Calendar-FR-Final.pptx-1.pdf\" target=\"_blank\" rel=\" noreferrer noopener\"><img loading=\"lazy\" decoding=\"async\" width=\"726\" height=\"242\" src=\"https:\/\/clri-ltc.ca\/fr\/wp-content\/uploads\/sites\/3\/2025\/08\/January-2.png\" alt=\"\" class=\"wp-image-1983\" srcset=\"https:\/\/clri-ltc.ca\/fr\/wp-content\/uploads\/sites\/3\/2025\/08\/January-2.png 726w, https:\/\/clri-ltc.ca\/fr\/wp-content\/uploads\/sites\/3\/2025\/08\/January-2-300x100.png 300w\" sizes=\"auto, (max-width: 726px) 100vw, 726px\" \/><\/a><\/figure>\n<\/div>\n\n\n\n<div class=\"wp-block-column is-layout-flow wp-block-column-is-layout-flow\">\n<figure class=\"wp-block-image size-full\"><a href=\"https:\/\/clri-ltc.ca\/fr\/wp-content\/uploads\/sites\/3\/2026\/05\/02-26-February_Diversity-Print-Calendar-FR-Final.pptx-1.pdf\" target=\"_blank\" rel=\" noreferrer noopener\"><img loading=\"lazy\" decoding=\"async\" width=\"726\" height=\"242\" src=\"https:\/\/clri-ltc.ca\/fr\/wp-content\/uploads\/sites\/3\/2025\/08\/February-2.png\" alt=\"\" class=\"wp-image-1984\" srcset=\"https:\/\/clri-ltc.ca\/fr\/wp-content\/uploads\/sites\/3\/2025\/08\/February-2.png 726w, https:\/\/clri-ltc.ca\/fr\/wp-content\/uploads\/sites\/3\/2025\/08\/February-2-300x100.png 300w\" sizes=\"auto, (max-width: 726px) 100vw, 726px\" \/><\/a><\/figure>\n<\/div>\n\n\n\n<div class=\"wp-block-column is-layout-flow wp-block-column-is-layout-flow\">\n<figure class=\"wp-block-image size-full\"><a href=\"https:\/\/clri-ltc.ca\/fr\/wp-content\/uploads\/sites\/3\/2026\/05\/03-26-March_Diversity-Print-Calendar-FR-Final.pptx-1.pdf\" target=\"_blank\" rel=\" noreferrer noopener\"><img loading=\"lazy\" decoding=\"async\" width=\"726\" height=\"242\" src=\"https:\/\/clri-ltc.ca\/fr\/wp-content\/uploads\/sites\/3\/2025\/08\/March-2.png\" alt=\"\" class=\"wp-image-1985\" srcset=\"https:\/\/clri-ltc.ca\/fr\/wp-content\/uploads\/sites\/3\/2025\/08\/March-2.png 726w, https:\/\/clri-ltc.ca\/fr\/wp-content\/uploads\/sites\/3\/2025\/08\/March-2-300x100.png 300w\" sizes=\"auto, (max-width: 726px) 100vw, 726px\" \/><\/a><\/figure>\n<\/div>\n<\/div>\n\n\n\n<div class=\"wp-block-columns alignwide is-layout-flex wp-container-core-columns-is-layout-073242de wp-block-columns-is-layout-flex\">\n<div class=\"wp-block-column is-layout-flow wp-block-column-is-layout-flow\">\n<figure class=\"wp-block-image size-full\"><a href=\"https:\/\/clri-ltc.ca\/fr\/wp-content\/uploads\/sites\/3\/2026\/05\/04-26-April-_Diversity-Print-Calendar-FR-Final.pptx-1.pdf\" target=\"_blank\" rel=\" noreferrer noopener\"><img loading=\"lazy\" decoding=\"async\" width=\"726\" height=\"242\" src=\"https:\/\/clri-ltc.ca\/fr\/wp-content\/uploads\/sites\/3\/2025\/08\/April-2.png\" alt=\"\" class=\"wp-image-1986\" srcset=\"https:\/\/clri-ltc.ca\/fr\/wp-content\/uploads\/sites\/3\/2025\/08\/April-2.png 726w, https:\/\/clri-ltc.ca\/fr\/wp-content\/uploads\/sites\/3\/2025\/08\/April-2-300x100.png 300w\" sizes=\"auto, (max-width: 726px) 100vw, 726px\" \/><\/a><\/figure>\n<\/div>\n\n\n\n<div class=\"wp-block-column is-layout-flow wp-block-column-is-layout-flow\">\n<figure class=\"wp-block-image size-full\"><a href=\"https:\/\/clri-ltc.ca\/fr\/wp-content\/uploads\/sites\/3\/2026\/05\/05-26-May_Diversity-Print-Calendar-FR-Final.pptx-1.pdf\" target=\"_blank\" rel=\" noreferrer noopener\"><img loading=\"lazy\" decoding=\"async\" width=\"726\" height=\"242\" src=\"https:\/\/clri-ltc.ca\/fr\/wp-content\/uploads\/sites\/3\/2025\/08\/May-2.png\" alt=\"\" class=\"wp-image-1987\" srcset=\"https:\/\/clri-ltc.ca\/fr\/wp-content\/uploads\/sites\/3\/2025\/08\/May-2.png 726w, https:\/\/clri-ltc.ca\/fr\/wp-content\/uploads\/sites\/3\/2025\/08\/May-2-300x100.png 300w\" sizes=\"auto, (max-width: 726px) 100vw, 726px\" \/><\/a><\/figure>\n<\/div>\n\n\n\n<div class=\"wp-block-column is-layout-flow wp-block-column-is-layout-flow\">\n<figure class=\"wp-block-image size-full\"><a href=\"https:\/\/clri-ltc.ca\/fr\/wp-content\/uploads\/sites\/3\/2026\/05\/06-26-June_Diversity-Print-Calendar-FR-Final.pptx-1.pdf\" target=\"_blank\" rel=\" noreferrer noopener\"><img loading=\"lazy\" decoding=\"async\" width=\"726\" height=\"242\" src=\"https:\/\/clri-ltc.ca\/fr\/wp-content\/uploads\/sites\/3\/2025\/08\/June-2.png\" alt=\"\" class=\"wp-image-1988\" srcset=\"https:\/\/clri-ltc.ca\/fr\/wp-content\/uploads\/sites\/3\/2025\/08\/June-2.png 726w, https:\/\/clri-ltc.ca\/fr\/wp-content\/uploads\/sites\/3\/2025\/08\/June-2-300x100.png 300w\" sizes=\"auto, (max-width: 726px) 100vw, 726px\" \/><\/a><\/figure>\n<\/div>\n<\/div>\n\n\n\n<div class=\"wp-block-columns alignwide is-layout-flex wp-container-core-columns-is-layout-073242de wp-block-columns-is-layout-flex\">\n<div class=\"wp-block-column is-layout-flow wp-block-column-is-layout-flow\">\n<figure class=\"wp-block-image size-full\"><a href=\"https:\/\/clri-ltc.ca\/fr\/wp-content\/uploads\/sites\/3\/2026\/05\/07-26-July_Diversity-Print-Calendar-FR-FINAL.pptx.pdf\" target=\"_blank\" rel=\" noreferrer noopener\"><img loading=\"lazy\" decoding=\"async\" width=\"726\" height=\"242\" src=\"https:\/\/clri-ltc.ca\/fr\/wp-content\/uploads\/sites\/3\/2025\/08\/July-2.png\" alt=\"\" class=\"wp-image-1989\" srcset=\"https:\/\/clri-ltc.ca\/fr\/wp-content\/uploads\/sites\/3\/2025\/08\/July-2.png 726w, https:\/\/clri-ltc.ca\/fr\/wp-content\/uploads\/sites\/3\/2025\/08\/July-2-300x100.png 300w\" sizes=\"auto, (max-width: 726px) 100vw, 726px\" \/><\/a><\/figure>\n<\/div>\n\n\n\n<div class=\"wp-block-column is-layout-flow wp-block-column-is-layout-flow\">\n<figure class=\"wp-block-image size-full\"><a href=\"https:\/\/clri-ltc.ca\/fr\/wp-content\/uploads\/sites\/3\/2026\/05\/08-26-August_Diversity-Print-Calendar-FR-FINAL.pptx.pdf\" target=\"_blank\" rel=\" noreferrer noopener\"><img loading=\"lazy\" decoding=\"async\" width=\"726\" height=\"242\" src=\"https:\/\/clri-ltc.ca\/fr\/wp-content\/uploads\/sites\/3\/2025\/08\/August-2.png\" alt=\"\" class=\"wp-image-1990\" srcset=\"https:\/\/clri-ltc.ca\/fr\/wp-content\/uploads\/sites\/3\/2025\/08\/August-2.png 726w, https:\/\/clri-ltc.ca\/fr\/wp-content\/uploads\/sites\/3\/2025\/08\/August-2-300x100.png 300w\" sizes=\"auto, (max-width: 726px) 100vw, 726px\" \/><\/a><\/figure>\n<\/div>\n\n\n\n<div class=\"wp-block-column is-layout-flow wp-block-column-is-layout-flow\">\n<figure class=\"wp-block-image size-full\"><a href=\"https:\/\/clri-ltc.ca\/fr\/wp-content\/uploads\/sites\/3\/2026\/05\/09-26-September_Diversity-Print-Calendar-FR-FINAL.pptx.pdf\" target=\"_blank\" rel=\" noreferrer noopener\"><img loading=\"lazy\" decoding=\"async\" width=\"726\" height=\"242\" src=\"https:\/\/clri-ltc.ca\/fr\/wp-content\/uploads\/sites\/3\/2025\/08\/September-2.png\" alt=\"\" class=\"wp-image-1991\" srcset=\"https:\/\/clri-ltc.ca\/fr\/wp-content\/uploads\/sites\/3\/2025\/08\/September-2.png 726w, https:\/\/clri-ltc.ca\/fr\/wp-content\/uploads\/sites\/3\/2025\/08\/September-2-300x100.png 300w\" sizes=\"auto, (max-width: 726px) 100vw, 726px\" \/><\/a><\/figure>\n<\/div>\n<\/div>\n\n\n\n<div class=\"wp-block-columns alignwide is-layout-flex wp-container-core-columns-is-layout-073242de wp-block-columns-is-layout-flex\">\n<div class=\"wp-block-column is-layout-flow wp-block-column-is-layout-flow\">\n<figure class=\"wp-block-image size-full\"><a href=\"https:\/\/clri-ltc.ca\/fr\/wp-content\/uploads\/sites\/3\/2026\/05\/10-26_October-Diversity-Print-Calendar-FR-FINAL.pptx.pdf\" target=\"_blank\" rel=\" noreferrer noopener\"><img loading=\"lazy\" decoding=\"async\" width=\"726\" height=\"242\" src=\"https:\/\/clri-ltc.ca\/fr\/wp-content\/uploads\/sites\/3\/2025\/08\/October-2.png\" alt=\"\" class=\"wp-image-1992\" srcset=\"https:\/\/clri-ltc.ca\/fr\/wp-content\/uploads\/sites\/3\/2025\/08\/October-2.png 726w, https:\/\/clri-ltc.ca\/fr\/wp-content\/uploads\/sites\/3\/2025\/08\/October-2-300x100.png 300w\" sizes=\"auto, (max-width: 726px) 100vw, 726px\" \/><\/a><\/figure>\n<\/div>\n\n\n\n<div class=\"wp-block-column is-layout-flow wp-block-column-is-layout-flow\">\n<figure class=\"wp-block-image size-full\"><a href=\"https:\/\/clri-ltc.ca\/fr\/wp-content\/uploads\/sites\/3\/2026\/05\/11-26_November_Diversity-Print-Calendar-FR-FINAL.pptx.pdf\" target=\"_blank\" rel=\" noreferrer noopener\"><img loading=\"lazy\" decoding=\"async\" width=\"726\" height=\"242\" src=\"https:\/\/clri-ltc.ca\/fr\/wp-content\/uploads\/sites\/3\/2025\/08\/November-2.png\" alt=\"\" class=\"wp-image-1993\" srcset=\"https:\/\/clri-ltc.ca\/fr\/wp-content\/uploads\/sites\/3\/2025\/08\/November-2.png 726w, https:\/\/clri-ltc.ca\/fr\/wp-content\/uploads\/sites\/3\/2025\/08\/November-2-300x100.png 300w\" sizes=\"auto, (max-width: 726px) 100vw, 726px\" \/><\/a><\/figure>\n<\/div>\n\n\n\n<div class=\"wp-block-column is-layout-flow wp-block-column-is-layout-flow\">\n<figure class=\"wp-block-image size-full\"><a href=\"https:\/\/clri-ltc.ca\/fr\/wp-content\/uploads\/sites\/3\/2026\/05\/12-26-December_Diversity-Print-Calendar-FR-FINAL.pptx.pdf\" target=\"_blank\" rel=\" noreferrer noopener\"><img loading=\"lazy\" decoding=\"async\" width=\"726\" height=\"242\" src=\"https:\/\/clri-ltc.ca\/fr\/wp-content\/uploads\/sites\/3\/2025\/08\/December-2.png\" alt=\"\" class=\"wp-image-1994\" srcset=\"https:\/\/clri-ltc.ca\/fr\/wp-content\/uploads\/sites\/3\/2025\/08\/December-2.png 726w, https:\/\/clri-ltc.ca\/fr\/wp-content\/uploads\/sites\/3\/2025\/08\/December-2-300x100.png 300w\" sizes=\"auto, (max-width: 726px) 100vw, 726px\" \/><\/a><\/figure>\n<\/div>\n<\/div>\n<\/div>\n\n\n\n<div class=\"wp-block-group alignwide is-layout-flow wp-block-group-is-layout-flow\">\n<p class=\"wp-block-paragraph\" style=\"border-top-width:3px;padding-top:var(--wp--preset--spacing--6)\">La version num\u00e9rique du Calendrier de la diversit\u00e9 et de l\u2019inclusion a \u00e9t\u00e9 cr\u00e9\u00e9e par les&nbsp;CARI de l\u2019Ontario \u00e0 Bruy\u00e8re et \u00e0 l\u2019Institut de recherche sur le vieillissement, avec les conseils du&nbsp;<a href=\"https:\/\/clri-ltc.ca\/resource\/diversity\/\" target=\"_blank\" rel=\"noreferrer noopener\"><strong>Comit\u00e9 consultatif de soutien \u00e0 la diversit\u00e9 et \u00e0 l\u2019inclusion dans les soins de longue dur\u00e9e (en anglais)<\/strong><\/a>&nbsp;et d\u2019autres experts, y compris des personnes ayant une exp\u00e9rience v\u00e9cue.<\/p>\n\n\n\n<div class=\"wp-block-group alignwide is-nowrap is-layout-flex wp-container-core-group-is-layout-073242de wp-block-group-is-layout-flex\">\n<figure class=\"wp-block-image size-full is-resized\"><a href=\"https:\/\/clri-ltc.ca\/wp-content\/uploads\/2025\/04\/Copy-of-CLRI-2025-Grey@2x.png\"><img decoding=\"async\" src=\"https:\/\/clri-ltc.ca\/wp-content\/uploads\/2025\/04\/Copy-of-CLRI-2025-Grey@2x.png\" alt=\"\" class=\"wp-image-143483\" style=\"width:364px;height:auto\"\/><\/a><\/figure>\n\n\n\n<figure class=\"wp-block-image size-full is-resized\"><a href=\"https:\/\/clri-ltc.ca\/wp-content\/uploads\/2025\/09\/BruyereHealth.png\"><img decoding=\"async\" src=\"https:\/\/clri-ltc.ca\/wp-content\/uploads\/2025\/09\/BruyereHealth.png\" alt=\"Bruyere Health Logo\" class=\"wp-image-143606\" style=\"width:185px;height:auto\"\/><\/a><\/figure>\n\n\n\n<figure class=\"wp-block-image size-full is-resized\"><a href=\"https:\/\/clri-ltc.ca\/wp-content\/uploads\/2025\/09\/RIALogo.png\"><img decoding=\"async\" src=\"https:\/\/clri-ltc.ca\/wp-content\/uploads\/2025\/09\/RIALogo.png\" alt=\"RIA Logo\" class=\"wp-image-143624\" style=\"width:267px;height:auto\"\/><\/a><\/figure>\n<\/div>\n<\/div>\n\n\n\n<div class=\"wp-block-group alignfull has-white-color has-dark-background-color has-text-color has-background has-link-color wp-elements-1 has-global-padding is-layout-constrained wp-block-group-is-layout-constrained\">\n<div class=\"wp-block-group alignwide is-vertical is-content-justification-center is-layout-flex wp-container-core-group-is-layout-39a1854f wp-block-group-is-layout-flex\" style=\"border-top-style:none;border-top-width:0px;margin-top:0;margin-bottom:0;padding-top:var(--wp--preset--spacing--8);padding-bottom:var(--wp--preset--spacing--8)\">\n<h2 class=\"wp-block-heading alignwide has-text-align-center has-x-large-font-size\">Ressources connexes<\/h2>\n\n\n\n<div class=\"has-3-columns wp-block-zp-post-related\" style=\"gap: var(--wp--custom--cards--gap)\">\n\t\t\t\t\t\t\t\t\t\t\t\t<div class=\"post-container\" style=\"flex: 0 0 calc(100% \/ 3 - (var(--wp--custom--cards--gap) \/ (3 \/ (3 - 1))))\">\n\t\t\t\t\t\t\t\t<div class=\"content-container\">\n\t\t\t\t\t\t\t\t\t\t\t\t\t\t\t<a href=\"https:\/\/clri-ltc.ca\/fr\/resource\/ressources-a-lintention-des-partenaires-de-soins-essentiels\/\">\n\t\t\t\t\t\t<h3 class=\"has-large-font-size\">Ressources \u00e0 l\u2019intention des partenaires de soins essentiels<\/h3>\n\t\t\t\t\t<\/a>\n\t\t\t\t\t\t\t\t\t\t\t<p>Date de publication : Cet ensemble de ressources \u00e0 l\u2019intention des partenaires de soins essentiels (PSE) vise \u00e0 aider les foyers de soins de longue dur\u00e9e (SLD) de l\u2019Ontario \u00e0 concevoir, \u00e0 mettre en \u0153uvre ou \u00e0 renforcer un programme de PSE qui int\u00e8gre les personnes aidantes en tant que partenaires au sein de l\u2019\u00e9quipe [&hellip;]<\/p>\n\t\t\t\t\t\t\t\t\t<\/div>\n\t\t\t<\/div>\n\t\t\t\t\t\t\t\t\t\t\t<div class=\"post-container\" style=\"flex: 0 0 calc(100% \/ 3 - (var(--wp--custom--cards--gap) \/ (3 \/ (3 - 1))))\">\n\t\t\t\t\t\t\t\t<div class=\"content-container\">\n\t\t\t\t\t\t\t\t\t\t\t\t\t\t\t<a href=\"https:\/\/clri-ltc.ca\/fr\/resource\/pratiques-de-travail-securitaires-pour-le-personnel-clinique-lapproche-1-2-3-on-bouge\/\">\n\t\t\t\t\t\t<h3 class=\"has-large-font-size\">Pratiques de travail s\u00e9curitaires pour le personnel clinique : l\u2019approche 1, 2, 3 On bouge<\/h3>\n\t\t\t\t\t<\/a>\n\t\t\t\t\t\t\t\t\t\t\t<p>Date de publication : Ce module est concentr\u00e9 sur les m\u00e9caniques corporelle s\u00e9curit\u00e9 et les principes de pratiques de travail s\u00e9curitaires pour le personnel clinique sur les techniques appropri\u00e9es de soul\u00e8vement, de transfert et de repositionnement pour prot\u00e9ger et \u00e9viter les blessure pour les r\u00e9sidents et le personnel dans les foyers de soins de longue [&hellip;]<\/p>\n\t\t\t\t\t\t\t\t\t<\/div>\n\t\t\t<\/div>\n\t\t\t\t\t\t\t\t\t\t\t<div class=\"post-container\" style=\"flex: 0 0 calc(100% \/ 3 - (var(--wp--custom--cards--gap) \/ (3 \/ (3 - 1))))\">\n\t\t\t\t\t\t\t\t<div class=\"content-container\">\n\t\t\t\t\t\t\t\t\t\t\t\t\t\t\t<a href=\"https:\/\/clri-ltc.ca\/fr\/resource\/soins-palliatifs-tout-inclus\/\">\n\t\t\t\t\t\t<h3 class=\"has-large-font-size\">Soins palliatifs tout inclus : l\u2019approche d\u2019\u00e9quipe dans les soins de longue dur\u00e9e<\/h3>\n\t\t\t\t\t<\/a>\n\t\t\t\t\t\t\t\t\t\t\t<p>Date de publication : L\u2019inscription est ouverte ! Les foyers de soins de longue dur\u00e9e (SLD) de l\u2019Ontario peuvent s\u2019inscrire au programme de formation Soins palliatifs tout inclus : l\u2019approche d\u2019\u00e9quipe dans les soins de longue dur\u00e9e. Nous avons besoin d\u2019un minimum de 10 participants pour offrir une formation en fran\u00e7ais. Plusieurs foyers de SLD [&hellip;]<\/p>\n\t\t\t\t\t\t\t\t\t<\/div>\n\t\t\t<\/div>\n\t\t\t<\/div>\n\n<\/div>\n<\/div>\n<\/div>\n","protected":false},"excerpt":{"rendered":"<p>Date de publication : La version imprimable du Calendrier de la diversit\u00e9 et de l\u2019inclusion rassemble au m\u00eame endroit les journ\u00e9es qui peuvent avoir une signification particuli\u00e8re pour les r\u00e9sidents en soins de longue dur\u00e9e, leur famille et les membres d\u2019\u00e9quipes: les f\u00eates religieuses et spirituelles, les f\u00eates culturelles, les journ\u00e9es de sensibilisation et les [&hellip;]<\/p>\n","protected":false},"author":23,"featured_media":0,"comment_status":"open","ping_status":"open","template":"wp-custom-template-page-no-title","format":[],"meta":{"_acf_changed":false,"_zp_resource_author":"","_zp_resource_related_resources":[],"footnotes":""},"fltca-alignment":[],"page-type":[],"topic":[],"primary-role":[],"clri-projects":[],"pos-clri-project-association":[],"clri-site":[],"class_list":["post-1582","resource","type-resource","status-publish","hentry"],"acf":[],"yoast_head":"<!-- This site is optimized with the Yoast SEO plugin v28.3 - https:\/\/yoast.com\/product\/yoast-seo-wordpress\/ -->\n<title>La version imprimable du Calendrier\u00a0de la diversit\u00e9 et de l\u2019inclusion - Les Centres d\u2019apprentissage, de recherche et d\u2019innovation pour les foyers de soins de longue dur\u00e9e de l\u2019Ontario<\/title>\n<meta name=\"robots\" content=\"index, follow, max-snippet:-1, max-image-preview:large, max-video-preview:-1\" \/>\n<link rel=\"canonical\" href=\"https:\/\/clri-ltc.ca\/fr\/resource\/la-version-imprimable-du-calendrier-de-la-diversite-et-de-linclusion\/\" \/>\n<meta property=\"og:locale\" content=\"fr_CA\" \/>\n<meta property=\"og:type\" content=\"article\" \/>\n<meta property=\"og:title\" content=\"La version imprimable du Calendrier\u00a0de la diversit\u00e9 et de l\u2019inclusion - Les Centres d\u2019apprentissage, de recherche et d\u2019innovation pour les foyers de soins de longue dur\u00e9e de l\u2019Ontario\" \/>\n<meta property=\"og:description\" content=\"Date de publication : La version imprimable du Calendrier de la diversit\u00e9 et de l\u2019inclusion rassemble au m\u00eame endroit les journ\u00e9es qui peuvent avoir une signification particuli\u00e8re pour les r\u00e9sidents en soins de longue dur\u00e9e, leur famille et les membres d\u2019\u00e9quipes: les f\u00eates religieuses et spirituelles, les f\u00eates culturelles, les journ\u00e9es de sensibilisation et les [&hellip;]\" \/>\n<meta property=\"og:url\" content=\"https:\/\/clri-ltc.ca\/fr\/resource\/la-version-imprimable-du-calendrier-de-la-diversite-et-de-linclusion\/\" \/>\n<meta property=\"og:site_name\" content=\"Les Centres d\u2019apprentissage, de recherche et d\u2019innovation pour les foyers de soins de longue dur\u00e9e de l\u2019Ontario\" \/>\n<meta property=\"article:modified_time\" content=\"2026-05-14T19:44:05+00:00\" \/>\n<meta property=\"og:image\" content=\"https:\/\/www.youtube.com\/watch?v=nLjPE8qVn0Y\" \/>\n<meta name=\"twitter:card\" content=\"summary_large_image\" \/>\n<meta name=\"twitter:label1\" content=\"Estimation du temps de lecture\" \/>\n\t<meta name=\"twitter:data1\" content=\"6 minutes\" \/>\n<script type=\"application\/ld+json\" class=\"yoast-schema-graph\">{\"@context\":\"https:\\\/\\\/schema.org\",\"@graph\":[{\"@type\":\"WebPage\",\"@id\":\"https:\\\/\\\/clri-ltc.ca\\\/fr\\\/resource\\\/la-version-imprimable-du-calendrier-de-la-diversite-et-de-linclusion\\\/\",\"url\":\"https:\\\/\\\/clri-ltc.ca\\\/fr\\\/resource\\\/la-version-imprimable-du-calendrier-de-la-diversite-et-de-linclusion\\\/\",\"name\":\"La version imprimable du Calendrier\u00a0de la diversit\u00e9 et de l\u2019inclusion - Les Centres d\u2019apprentissage, de recherche et d\u2019innovation pour les foyers de soins de longue dur\u00e9e de l\u2019Ontario\",\"isPartOf\":{\"@id\":\"https:\\\/\\\/clri-ltc.ca\\\/fr\\\/#website\"},\"primaryImageOfPage\":{\"@id\":\"https:\\\/\\\/clri-ltc.ca\\\/fr\\\/resource\\\/la-version-imprimable-du-calendrier-de-la-diversite-et-de-linclusion\\\/#primaryimage\"},\"image\":{\"@id\":\"https:\\\/\\\/clri-ltc.ca\\\/fr\\\/resource\\\/la-version-imprimable-du-calendrier-de-la-diversite-et-de-linclusion\\\/#primaryimage\"},\"thumbnailUrl\":\"https:\\\/\\\/www.youtube.com\\\/watch?v=nLjPE8qVn0Y\",\"datePublished\":\"2026-05-13T14:03:57+00:00\",\"dateModified\":\"2026-05-14T19:44:05+00:00\",\"breadcrumb\":{\"@id\":\"https:\\\/\\\/clri-ltc.ca\\\/fr\\\/resource\\\/la-version-imprimable-du-calendrier-de-la-diversite-et-de-linclusion\\\/#breadcrumb\"},\"inLanguage\":\"fr-CA\",\"potentialAction\":[{\"@type\":\"ReadAction\",\"target\":[\"https:\\\/\\\/clri-ltc.ca\\\/fr\\\/resource\\\/la-version-imprimable-du-calendrier-de-la-diversite-et-de-linclusion\\\/\"]}]},{\"@type\":\"ImageObject\",\"inLanguage\":\"fr-CA\",\"@id\":\"https:\\\/\\\/clri-ltc.ca\\\/fr\\\/resource\\\/la-version-imprimable-du-calendrier-de-la-diversite-et-de-linclusion\\\/#primaryimage\",\"url\":\"https:\\\/\\\/www.youtube.com\\\/watch?v=nLjPE8qVn0Y\",\"contentUrl\":\"https:\\\/\\\/www.youtube.com\\\/watch?v=nLjPE8qVn0Y\"},{\"@type\":\"BreadcrumbList\",\"@id\":\"https:\\\/\\\/clri-ltc.ca\\\/fr\\\/resource\\\/la-version-imprimable-du-calendrier-de-la-diversite-et-de-linclusion\\\/#breadcrumb\",\"itemListElement\":[{\"@type\":\"ListItem\",\"position\":1,\"name\":\"Home\",\"item\":\"https:\\\/\\\/clri-ltc.ca\\\/fr\\\/\"},{\"@type\":\"ListItem\",\"position\":2,\"name\":\"Resources\",\"item\":\"https:\\\/\\\/clri-ltc.ca\\\/fr\\\/resources\\\/\"},{\"@type\":\"ListItem\",\"position\":3,\"name\":\"La version imprimable du Calendrier\u00a0de la diversit\u00e9 et de l\u2019inclusion\"}]},{\"@type\":\"WebSite\",\"@id\":\"https:\\\/\\\/clri-ltc.ca\\\/fr\\\/#website\",\"url\":\"https:\\\/\\\/clri-ltc.ca\\\/fr\\\/\",\"name\":\"Les Centres d\u2019apprentissage, de recherche et d\u2019innovation pour les foyers de soins de longue dur\u00e9e de l\u2019Ontario\",\"description\":\"\",\"publisher\":{\"@id\":\"https:\\\/\\\/clri-ltc.ca\\\/fr\\\/#organization\"},\"potentialAction\":[{\"@type\":\"SearchAction\",\"target\":{\"@type\":\"EntryPoint\",\"urlTemplate\":\"https:\\\/\\\/clri-ltc.ca\\\/fr\\\/?s={search_term_string}\"},\"query-input\":{\"@type\":\"PropertyValueSpecification\",\"valueRequired\":true,\"valueName\":\"search_term_string\"}}],\"inLanguage\":\"fr-CA\"},{\"@type\":\"Organization\",\"@id\":\"https:\\\/\\\/clri-ltc.ca\\\/fr\\\/#organization\",\"name\":\"Les Centres d\u2019apprentissage, de recherche et d\u2019innovation pour les foyers de soins de longue dur\u00e9e de l\u2019Ontario\",\"url\":\"https:\\\/\\\/clri-ltc.ca\\\/fr\\\/\",\"logo\":{\"@type\":\"ImageObject\",\"inLanguage\":\"fr-CA\",\"@id\":\"https:\\\/\\\/clri-ltc.ca\\\/fr\\\/#\\\/schema\\\/logo\\\/image\\\/\",\"url\":\"https:\\\/\\\/clri-ltc.ca\\\/fr\\\/wp-content\\\/uploads\\\/sites\\\/3\\\/2026\\\/02\\\/CLRI_Logo_French_2025_Grey-1-1-scaled.png\",\"contentUrl\":\"https:\\\/\\\/clri-ltc.ca\\\/fr\\\/wp-content\\\/uploads\\\/sites\\\/3\\\/2026\\\/02\\\/CLRI_Logo_French_2025_Grey-1-1-scaled.png\",\"width\":2560,\"height\":828,\"caption\":\"Les Centres d\u2019apprentissage, de recherche et d\u2019innovation pour les foyers de soins de longue dur\u00e9e de l\u2019Ontario\"},\"image\":{\"@id\":\"https:\\\/\\\/clri-ltc.ca\\\/fr\\\/#\\\/schema\\\/logo\\\/image\\\/\"}}]}<\/script>\n<!-- \/ Yoast SEO plugin. -->","yoast_head_json":{"title":"La version imprimable du Calendrier\u00a0de la diversit\u00e9 et de l\u2019inclusion - Les Centres d\u2019apprentissage, de recherche et d\u2019innovation pour les foyers de soins de longue dur\u00e9e de l\u2019Ontario","robots":{"index":"index","follow":"follow","max-snippet":"max-snippet:-1","max-image-preview":"max-image-preview:large","max-video-preview":"max-video-preview:-1"},"canonical":"https:\/\/clri-ltc.ca\/fr\/resource\/la-version-imprimable-du-calendrier-de-la-diversite-et-de-linclusion\/","og_locale":"fr_CA","og_type":"article","og_title":"La version imprimable du Calendrier\u00a0de la diversit\u00e9 et de l\u2019inclusion - Les Centres d\u2019apprentissage, de recherche et d\u2019innovation pour les foyers de soins de longue dur\u00e9e de l\u2019Ontario","og_description":"Date de publication : La version imprimable du Calendrier de la diversit\u00e9 et de l\u2019inclusion rassemble au m\u00eame endroit les journ\u00e9es qui peuvent avoir une signification particuli\u00e8re pour les r\u00e9sidents en soins de longue dur\u00e9e, leur famille et les membres d\u2019\u00e9quipes: les f\u00eates religieuses et spirituelles, les f\u00eates culturelles, les journ\u00e9es de sensibilisation et les [&hellip;]","og_url":"https:\/\/clri-ltc.ca\/fr\/resource\/la-version-imprimable-du-calendrier-de-la-diversite-et-de-linclusion\/","og_site_name":"Les Centres d\u2019apprentissage, de recherche et d\u2019innovation pour les foyers de soins de longue dur\u00e9e de l\u2019Ontario","article_modified_time":"2026-05-14T19:44:05+00:00","og_image":[{"url":"https:\/\/www.youtube.com\/watch?v=nLjPE8qVn0Y","type":"","width":"","height":""}],"twitter_card":"summary_large_image","twitter_misc":{"Estimation du temps de lecture":"6 minutes"},"schema":{"@context":"https:\/\/schema.org","@graph":[{"@type":"WebPage","@id":"https:\/\/clri-ltc.ca\/fr\/resource\/la-version-imprimable-du-calendrier-de-la-diversite-et-de-linclusion\/","url":"https:\/\/clri-ltc.ca\/fr\/resource\/la-version-imprimable-du-calendrier-de-la-diversite-et-de-linclusion\/","name":"La version imprimable du Calendrier\u00a0de la diversit\u00e9 et de l\u2019inclusion - Les Centres d\u2019apprentissage, de recherche et d\u2019innovation pour les foyers de soins de longue dur\u00e9e de l\u2019Ontario","isPartOf":{"@id":"https:\/\/clri-ltc.ca\/fr\/#website"},"primaryImageOfPage":{"@id":"https:\/\/clri-ltc.ca\/fr\/resource\/la-version-imprimable-du-calendrier-de-la-diversite-et-de-linclusion\/#primaryimage"},"image":{"@id":"https:\/\/clri-ltc.ca\/fr\/resource\/la-version-imprimable-du-calendrier-de-la-diversite-et-de-linclusion\/#primaryimage"},"thumbnailUrl":"https:\/\/www.youtube.com\/watch?v=nLjPE8qVn0Y","datePublished":"2026-05-13T14:03:57+00:00","dateModified":"2026-05-14T19:44:05+00:00","breadcrumb":{"@id":"https:\/\/clri-ltc.ca\/fr\/resource\/la-version-imprimable-du-calendrier-de-la-diversite-et-de-linclusion\/#breadcrumb"},"inLanguage":"fr-CA","potentialAction":[{"@type":"ReadAction","target":["https:\/\/clri-ltc.ca\/fr\/resource\/la-version-imprimable-du-calendrier-de-la-diversite-et-de-linclusion\/"]}]},{"@type":"ImageObject","inLanguage":"fr-CA","@id":"https:\/\/clri-ltc.ca\/fr\/resource\/la-version-imprimable-du-calendrier-de-la-diversite-et-de-linclusion\/#primaryimage","url":"https:\/\/www.youtube.com\/watch?v=nLjPE8qVn0Y","contentUrl":"https:\/\/www.youtube.com\/watch?v=nLjPE8qVn0Y"},{"@type":"BreadcrumbList","@id":"https:\/\/clri-ltc.ca\/fr\/resource\/la-version-imprimable-du-calendrier-de-la-diversite-et-de-linclusion\/#breadcrumb","itemListElement":[{"@type":"ListItem","position":1,"name":"Home","item":"https:\/\/clri-ltc.ca\/fr\/"},{"@type":"ListItem","position":2,"name":"Resources","item":"https:\/\/clri-ltc.ca\/fr\/resources\/"},{"@type":"ListItem","position":3,"name":"La version imprimable du Calendrier\u00a0de la diversit\u00e9 et de l\u2019inclusion"}]},{"@type":"WebSite","@id":"https:\/\/clri-ltc.ca\/fr\/#website","url":"https:\/\/clri-ltc.ca\/fr\/","name":"Les Centres d\u2019apprentissage, de recherche et d\u2019innovation pour les foyers de soins de longue dur\u00e9e de l\u2019Ontario","description":"","publisher":{"@id":"https:\/\/clri-ltc.ca\/fr\/#organization"},"potentialAction":[{"@type":"SearchAction","target":{"@type":"EntryPoint","urlTemplate":"https:\/\/clri-ltc.ca\/fr\/?s={search_term_string}"},"query-input":{"@type":"PropertyValueSpecification","valueRequired":true,"valueName":"search_term_string"}}],"inLanguage":"fr-CA"},{"@type":"Organization","@id":"https:\/\/clri-ltc.ca\/fr\/#organization","name":"Les Centres d\u2019apprentissage, de recherche et d\u2019innovation pour les foyers de soins de longue dur\u00e9e de l\u2019Ontario","url":"https:\/\/clri-ltc.ca\/fr\/","logo":{"@type":"ImageObject","inLanguage":"fr-CA","@id":"https:\/\/clri-ltc.ca\/fr\/#\/schema\/logo\/image\/","url":"https:\/\/clri-ltc.ca\/fr\/wp-content\/uploads\/sites\/3\/2026\/02\/CLRI_Logo_French_2025_Grey-1-1-scaled.png","contentUrl":"https:\/\/clri-ltc.ca\/fr\/wp-content\/uploads\/sites\/3\/2026\/02\/CLRI_Logo_French_2025_Grey-1-1-scaled.png","width":2560,"height":828,"caption":"Les Centres d\u2019apprentissage, de recherche et d\u2019innovation pour les foyers de soins de longue dur\u00e9e de l\u2019Ontario"},"image":{"@id":"https:\/\/clri-ltc.ca\/fr\/#\/schema\/logo\/image\/"}}]}},"_links":{"self":[{"href":"https:\/\/clri-ltc.ca\/fr\/wp-json\/wp\/v2\/resource\/1582","targetHints":{"allow":["GET"]}}],"collection":[{"href":"https:\/\/clri-ltc.ca\/fr\/wp-json\/wp\/v2\/resource"}],"about":[{"href":"https:\/\/clri-ltc.ca\/fr\/wp-json\/wp\/v2\/types\/resource"}],"author":[{"embeddable":true,"href":"https:\/\/clri-ltc.ca\/fr\/wp-json\/wp\/v2\/users\/23"}],"replies":[{"embeddable":true,"href":"https:\/\/clri-ltc.ca\/fr\/wp-json\/wp\/v2\/comments?post=1582"}],"version-history":[{"count":33,"href":"https:\/\/clri-ltc.ca\/fr\/wp-json\/wp\/v2\/resource\/1582\/revisions"}],"predecessor-version":[{"id":3353,"href":"https:\/\/clri-ltc.ca\/fr\/wp-json\/wp\/v2\/resource\/1582\/revisions\/3353"}],"wp:attachment":[{"href":"https:\/\/clri-ltc.ca\/fr\/wp-json\/wp\/v2\/media?parent=1582"}],"wp:term":[{"taxonomy":"fltca-alignment","embeddable":true,"href":"https:\/\/clri-ltc.ca\/fr\/wp-json\/wp\/v2\/fltca-alignment?post=1582"},{"taxonomy":"page-type","embeddable":true,"href":"https:\/\/clri-ltc.ca\/fr\/wp-json\/wp\/v2\/page-type?post=1582"},{"taxonomy":"format","embeddable":true,"href":"https:\/\/clri-ltc.ca\/fr\/wp-json\/wp\/v2\/format?post=1582"},{"taxonomy":"topic","embeddable":true,"href":"https:\/\/clri-ltc.ca\/fr\/wp-json\/wp\/v2\/topic?post=1582"},{"taxonomy":"primary-role","embeddable":true,"href":"https:\/\/clri-ltc.ca\/fr\/wp-json\/wp\/v2\/primary-role?post=1582"},{"taxonomy":"clri-projects","embeddable":true,"href":"https:\/\/clri-ltc.ca\/fr\/wp-json\/wp\/v2\/clri-projects?post=1582"},{"taxonomy":"pos-clri-project-association","embeddable":true,"href":"https:\/\/clri-ltc.ca\/fr\/wp-json\/wp\/v2\/pos-clri-project-association?post=1582"},{"taxonomy":"clri-site","embeddable":true,"href":"https:\/\/clri-ltc.ca\/fr\/wp-json\/wp\/v2\/clri-site?post=1582"}],"curies":[{"name":"wp","href":"https:\/\/api.w.org\/{rel}","templated":true}]}}